{"id":11716,"date":"2025-08-06T15:29:46","date_gmt":"2025-08-06T13:29:46","guid":{"rendered":"https:\/\/www.ono-estetika.com\/?post_type=evenement&#038;p=11716"},"modified":"2025-08-28T09:58:18","modified_gmt":"2025-08-28T07:58:18","slug":"soiree-exclusive-avec-le-dr-david-schapiro","status":"publish","type":"evenement","link":"https:\/\/www.ono-estetika.com\/fr\/evenement\/soiree-exclusive-avec-le-dr-david-schapiro\/","title":{"rendered":"Soir\u00e9e exclusive avec le Dr David Schapiro"},"content":{"rendered":"<p><div class=\"fusion-fullwidth fullwidth-box fusion-builder-row-1 fusion-flex-container has-pattern-background has-mask-background hundred-percent-fullwidth non-hundred-percent-height-scrolling\" style=\"--awb-border-radius-top-left:0px;--awb-border-radius-top-right:0px;--awb-border-radius-bottom-right:0px;--awb-border-radius-bottom-left:0px;--awb-padding-top:7%;--awb-padding-right:14%;--awb-padding-bottom:0px;--awb-padding-left:14%;--awb-padding-top-medium:4%;--awb-padding-right-medium:4%;--awb-padding-left-medium:4%;--awb-padding-right-small:4%;--awb-padding-left-small:4%;--awb-flex-wrap:wrap;\" ><div class=\"fusion-builder-row fusion-row fusion-flex-align-items-flex-start fusion-flex-content-wrap\" style=\"width:104% !important;max-width:104% !important;margin-left: calc(-4% \/ 2 );margin-right: calc(-4% \/ 2 );\"><div class=\"fusion-layout-column fusion_builder_column fusion-builder-column-0 fusion_builder_column_2_3 2_3 fusion-flex-column\" style=\"--awb-bg-size:cover;--awb-width-large:66.666666666667%;--awb-margin-top-large:20px;--awb-spacing-right-large:2.88%;--awb-margin-bottom-large:20px;--awb-spacing-left-large:2.88%;--awb-width-medium:66.666666666667%;--awb-order-medium:0;--awb-spacing-right-medium:2.88%;--awb-spacing-left-medium:2.88%;--awb-width-small:100%;--awb-order-small:0;--awb-spacing-right-small:1.92%;--awb-spacing-left-small:1.92%;\"><div class=\"fusion-column-wrapper fusion-column-has-shadow fusion-flex-justify-content-flex-start fusion-content-layout-column\"><div class=\"fusion-text fusion-text-1\"><p>Soir\u00e9e exclusive avec le Dr David Schapiro, sp\u00e9cialiste de l&rsquo;esth\u00e9tique du regard, \u00e0 la clinique ono estetika de Gen\u00e8ve.<\/p>\n<p>Venez partager un moment d&rsquo;expertise et de convivialit\u00e9 pour d\u00e9couvrir comment magnifier votre regard avec un sp\u00e9cialiste reconnu.<\/p>\n<\/div><div class=\"fusion-sharing-box fusion-sharing-box-1 has-taglines layout-floated layout-medium-floated layout-small-stacked\" style=\"background-color:var(--awb-color4);border-color:#cccccc;--awb-separator-border-color:#cccccc;--awb-separator-border-sizes:0px;--awb-layout:row;--awb-alignment-small:space-between;--awb-stacked-align-small:center;\" data-title=\"Soir\u00e9e exclusive avec le Dr David Schapiro\" data-description=\"Soir\u00e9e exclusive avec le Dr David Schapiro, sp\u00e9cialiste de l&#039;esth\u00e9tique du regard, \u00e0 la clinique ono estetika de Gen\u00e8ve.\r\n\r\nVenez partager un moment d&#039;expertise et de convivialit\u00e9 pour d\u00e9couvrir comment magnifier votre regard avec un sp\u00e9cialiste reconnu.  \r\n\r\nD\u00e9tails de l&#039;\u00e9v\u00e8nement \r\n\r\nYour Content Goes Here Your Content Goes Here Your Content Goes Here\" data-link=\"https:\/\/www.ono-estetika.com\/fr\/evenement\/soiree-exclusive-avec-le-dr-david-schapiro\/\"><h4 class=\"tagline\" style=\"color:var(--awb-color8);font-family:var(--awb-typography2-font-family);font-weight:var(--awb-typography2-font-weight);font-style:var(--awb-typography2-font-style);\">Partager l'\u00e9v\u00e8nement<\/h4><div class=\"fusion-social-networks sharingbox-shortcode-icon-wrapper sharingbox-shortcode-icon-wrapper-1\"><span><a href=\"https:\/\/www.facebook.com\/sharer.php?u=https%3A%2F%2Fwww.ono-estetika.com%2Ffr%2Fevenement%2Fsoiree-exclusive-avec-le-dr-david-schapiro%2F&amp;t=Soir%C3%A9e%20exclusive%20avec%20le%20Dr%20David%20Schapiro\" target=\"_blank\" rel=\"noreferrer\" title=\"Facebook\" aria-label=\"Facebook\" data-placement=\"top\" data-toggle=\"tooltip\" data-title=\"Facebook\"><i class=\"fusion-social-network-icon fusion-tooltip fusion-facebook awb-icon-facebook\" style=\"color:var(--awb-color8);\" aria-hidden=\"true\"><\/i><\/a><\/span><span><a href=\"https:\/\/x.com\/intent\/post?text=Soir%C3%A9e%20exclusive%20avec%20le%20Dr%20David%20Schapiro&amp;url=https%3A%2F%2Fwww.ono-estetika.com%2Ffr%2Fevenement%2Fsoiree-exclusive-avec-le-dr-david-schapiro%2F\" target=\"_blank\" rel=\"noopener noreferrer\" title=\"X\" aria-label=\"X\" data-placement=\"top\" data-toggle=\"tooltip\" data-title=\"X\"><i class=\"fusion-social-network-icon fusion-tooltip fusion-twitter awb-icon-twitter\" style=\"color:var(--awb-color8);\" aria-hidden=\"true\"><\/i><\/a><\/span><span><a href=\"https:\/\/reddit.com\/submit?url=https%3A%2F%2Fwww.ono-estetika.com%2Ffr%2Fevenement%2Fsoiree-exclusive-avec-le-dr-david-schapiro%2F&amp;title=Soir%C3%A9e%20exclusive%20avec%20le%20Dr%20David%20Schapiro\" target=\"_blank\" rel=\"noopener noreferrer\" title=\"Reddit\" aria-label=\"Reddit\" data-placement=\"top\" data-toggle=\"tooltip\" data-title=\"Reddit\"><i class=\"fusion-social-network-icon fusion-tooltip fusion-reddit awb-icon-reddit\" style=\"color:var(--awb-color8);\" aria-hidden=\"true\"><\/i><\/a><\/span><span><a href=\"https:\/\/www.linkedin.com\/shareArticle?mini=true&amp;url=https%3A%2F%2Fwww.ono-estetika.com%2Ffr%2Fevenement%2Fsoiree-exclusive-avec-le-dr-david-schapiro%2F&amp;title=Soir%C3%A9e%20exclusive%20avec%20le%20Dr%20David%20Schapiro&amp;summary=Soir%C3%A9e%20exclusive%20avec%20le%20Dr%20David%20Schapiro%2C%20sp%C3%A9cialiste%20de%20l%26%2339%3Besth%C3%A9tique%20du%20regard%2C%20%C3%A0%20la%20clinique%20ono%20estetika%20de%20Gen%C3%A8ve.%0D%0A%0D%0AVenez%20partager%20un%20moment%20d%26%2339%3Bexpertise%20et%20de%20convivialit%C3%A9%20pour%20d%C3%A9couvrir%20comment%20magnifier%20votre%20regard%20avec%20un%20sp%C3%A9cialiste%20reconnu.%20%20%20%0D%0A%0D%0AD%C3%A9tails%20de%20l%26%2339%3B%C3%A9v%C3%A8nement%20%0D%0A%0D%0AYour%20Content%20Goes%20Here%20Your%20Content%20Goes%20Here%20Your%20Content%20Goes%20Here\" target=\"_blank\" rel=\"noopener noreferrer\" title=\"LinkedIn\" aria-label=\"LinkedIn\" data-placement=\"top\" data-toggle=\"tooltip\" data-title=\"LinkedIn\"><i class=\"fusion-social-network-icon fusion-tooltip fusion-linkedin awb-icon-linkedin\" style=\"color:var(--awb-color8);\" aria-hidden=\"true\"><\/i><\/a><\/span><span><a href=\"https:\/\/api.whatsapp.com\/send?text=https%3A%2F%2Fwww.ono-estetika.com%2Ffr%2Fevenement%2Fsoiree-exclusive-avec-le-dr-david-schapiro%2F\" target=\"_blank\" rel=\"noopener noreferrer\" title=\"WhatsApp\" aria-label=\"WhatsApp\" data-placement=\"top\" data-toggle=\"tooltip\" data-title=\"WhatsApp\"><i class=\"fusion-social-network-icon fusion-tooltip fusion-whatsapp awb-icon-whatsapp\" style=\"color:var(--awb-color8);\" aria-hidden=\"true\"><\/i><\/a><\/span><span><a href=\"https:\/\/www.tumblr.com\/share\/link?url=https%3A%2F%2Fwww.ono-estetika.com%2Ffr%2Fevenement%2Fsoiree-exclusive-avec-le-dr-david-schapiro%2F&amp;name=Soir%C3%A9e%20exclusive%20avec%20le%20Dr%20David%20Schapiro&amp;description=Soir%C3%A9e%20exclusive%20avec%20le%20Dr%20David%20Schapiro%2C%20sp%C3%A9cialiste%20de%20l%26%2339%3Besth%C3%A9tique%20du%20regard%2C%20%C3%A0%20la%20clinique%20ono%20estetika%20de%20Gen%C3%A8ve.%0D%0A%0D%0AVenez%20partager%20un%20moment%20d%26%2339%3Bexpertise%20et%20de%20convivialit%C3%A9%20pour%20d%C3%A9couvrir%20comment%20magnifier%20votre%20regard%20avec%20un%20sp%C3%A9cialiste%20reconnu.%20%20%20%0D%0A%0D%0AD%C3%A9tails%20de%20l%26%2339%3B%C3%A9v%C3%A8nement%20%0D%0A%0D%0AYour%20Content%20Goes%20Here%20Your%20Content%20Goes%20Here%20Your%20Content%20Goes%20Here\" target=\"_blank\" rel=\"noopener noreferrer\" title=\"Tumblr\" aria-label=\"Tumblr\" data-placement=\"top\" data-toggle=\"tooltip\" data-title=\"Tumblr\"><i class=\"fusion-social-network-icon fusion-tooltip fusion-tumblr awb-icon-tumblr\" style=\"color:var(--awb-color8);\" aria-hidden=\"true\"><\/i><\/a><\/span><span><a href=\"https:\/\/pinterest.com\/pin\/create\/button\/?url=https%3A%2F%2Fwww.ono-estetika.com%2Ffr%2Fevenement%2Fsoiree-exclusive-avec-le-dr-david-schapiro%2F&amp;description=Soir%C3%A9e%20exclusive%20avec%20le%20Dr%20David%20Schapiro%2C%20sp%C3%A9cialiste%20de%20l%26%2339%3Besth%C3%A9tique%20du%20regard%2C%20%C3%A0%20la%20clinique%20ono%20estetika%20de%20Gen%C3%A8ve.%0D%0A%0D%0AVenez%20partager%20un%20moment%20d%26%2339%3Bexpertise%20et%20de%20convivialit%C3%A9%20pour%20d%C3%A9couvrir%20comment%20magnifier%20votre%20regard%20avec%20un%20sp%C3%A9cialiste%20reconnu.%20%20%20%0D%0A%0D%0AD%C3%A9tails%20de%20l%26%2339%3B%C3%A9v%C3%A8nement%20%0D%0A%0D%0AYour%20Content%20Goes%20Here%20Your%20Content%20Goes%20Here%20Your%20Content%20Goes%20Here&amp;media=\" target=\"_blank\" rel=\"noopener noreferrer\" title=\"Pinterest\" aria-label=\"Pinterest\" data-placement=\"top\" data-toggle=\"tooltip\" data-title=\"Pinterest\"><i class=\"fusion-social-network-icon fusion-tooltip fusion-pinterest awb-icon-pinterest\" style=\"color:var(--awb-color8);\" aria-hidden=\"true\"><\/i><\/a><\/span><span><a href=\"https:\/\/vkontakte.ru\/share.php?url=https%3A%2F%2Fwww.ono-estetika.com%2Ffr%2Fevenement%2Fsoiree-exclusive-avec-le-dr-david-schapiro%2F&amp;title=Soir%C3%A9e%20exclusive%20avec%20le%20Dr%20David%20Schapiro&amp;description=Soir%C3%A9e%20exclusive%20avec%20le%20Dr%20David%20Schapiro%2C%20sp%C3%A9cialiste%20de%20l%26%2339%3Besth%C3%A9tique%20du%20regard%2C%20%C3%A0%20la%20clinique%20ono%20estetika%20de%20Gen%C3%A8ve.%0D%0A%0D%0AVenez%20partager%20un%20moment%20d%26%2339%3Bexpertise%20et%20de%20convivialit%C3%A9%20pour%20d%C3%A9couvrir%20comment%20magnifier%20votre%20regard%20avec%20un%20sp%C3%A9cialiste%20reconnu.%20%20%20%0D%0A%0D%0AD%C3%A9tails%20de%20l%26%2339%3B%C3%A9v%C3%A8nement%20%0D%0A%0D%0AYour%20Content%20Goes%20Here%20Your%20Content%20Goes%20Here%20Your%20Content%20Goes%20Here\" target=\"_blank\" rel=\"noopener noreferrer\" title=\"Vk\" aria-label=\"Vk\" data-placement=\"top\" data-toggle=\"tooltip\" data-title=\"Vk\"><i class=\"fusion-social-network-icon fusion-tooltip fusion-vk awb-icon-vk\" style=\"color:var(--awb-color8);\" aria-hidden=\"true\"><\/i><\/a><\/span><span><a href=\"https:\/\/www.xing.com\/social_plugins\/share\/new?sc_p=xing-share&amp;h=1&amp;url=https%3A%2F%2Fwww.ono-estetika.com%2Ffr%2Fevenement%2Fsoiree-exclusive-avec-le-dr-david-schapiro%2F\" target=\"_blank\" rel=\"noopener noreferrer\" title=\"Xing\" aria-label=\"Xing\" data-placement=\"top\" data-toggle=\"tooltip\" data-title=\"Xing\"><i class=\"fusion-social-network-icon fusion-tooltip fusion-xing awb-icon-xing\" style=\"color:var(--awb-color8);\" aria-hidden=\"true\"><\/i><\/a><\/span><span><a href=\"mailto:?subject=Soir%C3%A9e%20exclusive%20avec%20le%20Dr%20David%20Schapiro&amp;body=https%3A%2F%2Fwww.ono-estetika.com%2Ffr%2Fevenement%2Fsoiree-exclusive-avec-le-dr-david-schapiro%2F\" target=\"_self\" title=\"Email\" aria-label=\"Email\" data-placement=\"top\" data-toggle=\"tooltip\" data-title=\"Email\"><i class=\"fusion-social-network-icon fusion-tooltip fusion-mail awb-icon-mail\" style=\"color:var(--awb-color8);\" aria-hidden=\"true\"><\/i><\/a><\/span><\/div><\/div><\/div><\/div><div class=\"fusion-layout-column fusion_builder_column fusion-builder-column-1 fusion_builder_column_1_3 1_3 fusion-flex-column fusion-flex-align-self-center\" style=\"--awb-padding-top:5%;--awb-padding-right:5%;--awb-padding-bottom:5%;--awb-padding-left:5%;--awb-bg-color:rgba(234,203,187,0.1);--awb-bg-color-hover:rgba(234,203,187,0.1);--awb-bg-size:cover;--awb-width-large:33.333333333333%;--awb-margin-top-large:20px;--awb-spacing-right-large:5.76%;--awb-margin-bottom-large:20px;--awb-spacing-left-large:5.76%;--awb-width-medium:33.333333333333%;--awb-order-medium:0;--awb-spacing-right-medium:0%;--awb-spacing-left-medium:0%;--awb-width-small:100%;--awb-order-small:0;--awb-spacing-right-small:1.92%;--awb-spacing-left-small:1.92%;\"><div class=\"fusion-column-wrapper fusion-column-has-shadow fusion-flex-justify-content-flex-start fusion-content-layout-column\"><div class=\"fusion-title title fusion-title-1 fusion-title-text fusion-title-size-three\" style=\"--awb-font-size:var(--awb-typography2-font-size);\"><div class=\"title-sep-container title-sep-container-left fusion-no-large-visibility fusion-no-small-visibility\"><div class=\"title-sep sep- sep-solid\" style=\"border-color:var(--awb-color3);\"><\/div><\/div><span class=\"awb-title-spacer fusion-no-large-visibility fusion-no-small-visibility\"><\/span><h3 class=\"fusion-title-heading title-heading-left md-text-align-center fusion-responsive-typography-calculated\" style=\"font-family:var(--awb-typography2-font-family);font-weight:var(--awb-typography2-font-weight);font-style:var(--awb-typography2-font-style);margin:0;font-size:1em;letter-spacing:var(--awb-typography2-letter-spacing);text-transform:var(--awb-typography2-text-transform);--fontSize:22.5;line-height:var(--awb-typography2-line-height);\">D\u00e9tails de l&rsquo;\u00e9v\u00e8nement<\/h3><span class=\"awb-title-spacer\"><\/span><div class=\"title-sep-container title-sep-container-right\"><div class=\"title-sep sep- sep-solid\" style=\"border-color:var(--awb-color3);\"><\/div><\/div><\/div><ul style=\"--awb-divider-color:var(--awb-color4);--awb-line-height:27.2px;--awb-icon-width:27.2px;--awb-icon-height:27.2px;--awb-icon-margin:11.2px;--awb-content-margin:38.4px;\" class=\"fusion-checklist fusion-checklist-1 fusion-checklist-default fusion-checklist-divider type-icons\"><li class=\"fusion-li-item\" style=\"\"><span class=\"icon-wrapper circle-no\"><i class=\"fusion-li-icon fa-calendar-alt fas\" aria-hidden=\"true\"><\/i><\/span><div class=\"fusion-li-item-content\">15\/09\/2025<\/div><\/li><li class=\"fusion-li-item\" style=\"\"><span class=\"icon-wrapper circle-no\"><i class=\"fusion-li-icon fa-clock fas\" aria-hidden=\"true\"><\/i><\/span><div class=\"fusion-li-item-content\">D\u00e9but : 18:30<\/div><\/li><li class=\"fusion-li-item\" style=\"\"><span class=\"icon-wrapper circle-no\"><i class=\"fusion-li-icon fa-clock fas\" aria-hidden=\"true\"><\/i><\/span><div class=\"fusion-li-item-content\">Fin : 20:00<\/div><\/li><\/ul><div ><a class=\"fusion-button button-flat fusion-button-default-size button-custom fusion-button-default button-1 fusion-button-span-no fusion-button-default-type\" style=\"--button_accent_color:var(--awb-color6);--button_accent_hover_color:var(--awb-color7);--button_border_hover_color:var(--awb-color6);--button_gradient_top_color:rgba(255,255,255,0);--button_gradient_bottom_color:rgba(255,255,255,0);--button_gradient_top_color_hover:rgba(255,255,255,0);--button_gradient_bottom_color_hover:rgba(255,255,255,0);--button_text_transform:var(--awb-typography4-text-transform);--button_font_size:var(--awb-typography4-font-size);--button_line_height:var(--awb-typography4-line-height);--button_padding-left:10px;--button_typography-letter-spacing:var(--awb-typography4-letter-spacing);--button_typography-font-family:var(--awb-typography4-font-family);--button_typography-font-weight:var(--awb-typography4-font-weight);--button_typography-font-style:var(--awb-typography4-font-style);\" target=\"_self\" title=\"ono estetika Gen\u00e8ve\" aria-label=\"ono estetika Gen\u00e8ve\" href=\"https:\/\/www.ono-estetika.com\/fr\/clinique\/petit-lancy\/\"><i class=\"fa-map-marker-alt fas button-icon-left\" aria-hidden=\"true\"><\/i><span class=\"fusion-button-text\">ono estetika Gen\u00e8ve<\/span><\/a><\/div><div style=\"--awb-popup-background-color:rgba(234,203,187,0.49);--awb-popup-close-btn-color:var(--awb-color6);--awb-popup-title-font-size:var(--awb-typography4-font-size);--awb-popup-title-line-height:var(--awb-typography4-line-height);--awb-popup-title-letter-spacing:var(--awb-typography4-letter-spacing);--awb-popup-title-text-transform:var(--awb-typography4-text-transform);--awb-popup-content-font-size:var(--awb-typography4-font-size);--awb-popup-content-line-height:var(--awb-typography4-line-height);--awb-popup-content-letter-spacing:var(--awb-typography4-letter-spacing);--awb-popup-content-text-transform:var(--awb-typography4-text-transform);--awb-popup-title-font-family:&quot;Lato&quot;;--awb-popup-title-font-style:normal;--awb-popup-title-font-weight:700;--awb-popup-content-font-family:var(--awb-typography4-font-family);--awb-popup-content-font-weight:var(--awb-typography4-font-weight);--awb-popup-content-font-style:var(--awb-typography4-font-style);\" class=\"awb-openstreet-map awb-openstreet-map-1\" data-map-style=\"carto-db\" data-map-type=\"marker\" data-zoom=\"14\" data-zoomsnap=\"1\" data-zoomcontrol=\"1\" data-scrollwheelzoom=\"1\" data-dragging=\"1\" data-touchzoom=\"1\" data-dbclickzoom=\"1\" data-fitbounds=\"1\" data-shape-color=\"rgba(255,182,115,1)\" data-shape-weight=\"3\"><div class=\"awb-openstreet-map-marker awb-openstreet-map-marker-1\" data-latitude=\"46.1925931\" data-longitude=\"6.1223700\" data-icon=\"fa-map-marker-alt fas\" data-action=\"popup\"><div class=\"awb-openstreet-map-marker-icon-wrapper\" style=\"--awb-size:34px;--awb-color:var(--awb-color6);--awb-background-color:rgba(234,203,187,0);--awb-hover-color:var(--awb-color3);--awb-hover-background-color:rgba(255,255,255,0);\"><i class=\"fa-map-marker-alt fas\"><\/i><\/div><div class=\"awb-openstreet-map-content-wrapper\"><h5 class=\"awb-openstreet-map-marker-title\">ono estetika Gen\u00e8ve<\/h5><div class=\"awb-openstreet-map-marker-content\">Soir\u00e9e exclusive avec le Dr David Schapiro<\/div><\/div><\/div><\/div><\/div><\/div><\/div><\/div><\/p>\n","protected":false},"featured_media":11719,"template":"","event-region":[202],"class_list":["post-11716","evenement","type-evenement","status-publish","has-post-thumbnail","hentry","event-region-romandie"],"acf":[],"yoast_head":"<!-- This site is optimized with the Yoast SEO Premium plugin v24.5 (Yoast SEO v27.4) - https:\/\/yoast.com\/product\/yoast-seo-premium-wordpress\/ -->\n<title>Soir\u00e9e exclusive avec le Dr David Schapiro - ono estetika - M\u00e9decine et chirurgie esth\u00e9tique<\/title>\n<meta name=\"description\" content=\"Soir\u00e9e exclusive avec le Dr David Schapiro, sp\u00e9cialiste de l&#039;esth\u00e9tique du regard, \u00e0 la clinique ono estetika de Gen\u00e8ve.\" \/>\n<meta name=\"robots\" content=\"index, follow, max-snippet:-1, max-image-preview:large, max-video-preview:-1\" \/>\n<link rel=\"canonical\" href=\"https:\/\/www.ono-estetika.com\/fr\/evenement\/soiree-exclusive-avec-le-dr-david-schapiro\/\" \/>\n<meta property=\"og:locale\" content=\"fr_FR\" \/>\n<meta property=\"og:type\" content=\"article\" \/>\n<meta property=\"og:title\" content=\"Soir\u00e9e exclusive avec le Dr David Schapiro\" \/>\n<meta property=\"og:description\" content=\"Soir\u00e9e exclusive avec le Dr David Schapiro, sp\u00e9cialiste de l&#039;esth\u00e9tique du regard, \u00e0 la clinique ono estetika de Gen\u00e8ve.\" \/>\n<meta property=\"og:url\" content=\"https:\/\/www.ono-estetika.com\/fr\/evenement\/soiree-exclusive-avec-le-dr-david-schapiro\/\" \/>\n<meta property=\"og:site_name\" content=\"ono estetika\" \/>\n<meta property=\"article:publisher\" content=\"https:\/\/www.facebook.com\/onoestetika\" \/>\n<meta property=\"article:modified_time\" content=\"2025-08-28T07:58:18+00:00\" \/>\n<meta property=\"og:image\" content=\"https:\/\/www.ono-estetika.com\/wp-content\/uploads\/2025\/08\/eyes-block-gradient-bw-1-e1754486386629.jpg\" \/>\n\t<meta property=\"og:image:width\" content=\"1534\" \/>\n\t<meta property=\"og:image:height\" content=\"1077\" \/>\n\t<meta property=\"og:image:type\" content=\"image\/jpeg\" \/>\n<meta name=\"twitter:card\" content=\"summary_large_image\" \/>\n<meta name=\"twitter:label1\" content=\"Dur\u00e9e de lecture estim\u00e9e\" \/>\n\t<meta name=\"twitter:data1\" content=\"1 minute\" \/>\n<script type=\"application\/ld+json\" class=\"yoast-schema-graph\">{\"@context\":\"https:\\\/\\\/schema.org\",\"@graph\":[{\"@type\":\"WebPage\",\"@id\":\"https:\\\/\\\/www.ono-estetika.com\\\/fr\\\/evenement\\\/soiree-exclusive-avec-le-dr-david-schapiro\\\/\",\"url\":\"https:\\\/\\\/www.ono-estetika.com\\\/fr\\\/evenement\\\/soiree-exclusive-avec-le-dr-david-schapiro\\\/\",\"name\":\"Soir\u00e9e exclusive avec le Dr David Schapiro - ono estetika - M\u00e9decine et chirurgie esth\u00e9tique\",\"isPartOf\":{\"@id\":\"https:\\\/\\\/www.ono-estetika.com\\\/fr\\\/#website\"},\"primaryImageOfPage\":{\"@id\":\"https:\\\/\\\/www.ono-estetika.com\\\/fr\\\/evenement\\\/soiree-exclusive-avec-le-dr-david-schapiro\\\/#primaryimage\"},\"image\":{\"@id\":\"https:\\\/\\\/www.ono-estetika.com\\\/fr\\\/evenement\\\/soiree-exclusive-avec-le-dr-david-schapiro\\\/#primaryimage\"},\"thumbnailUrl\":\"https:\\\/\\\/www.ono-estetika.com\\\/wp-content\\\/uploads\\\/2025\\\/08\\\/eyes-block-gradient-bw-1-e1754486386629.jpg\",\"datePublished\":\"2025-08-06T13:29:46+00:00\",\"dateModified\":\"2025-08-28T07:58:18+00:00\",\"description\":\"Soir\u00e9e exclusive avec le Dr David Schapiro, sp\u00e9cialiste de l'esth\u00e9tique du regard, \u00e0 la clinique ono estetika de Gen\u00e8ve.\",\"breadcrumb\":{\"@id\":\"https:\\\/\\\/www.ono-estetika.com\\\/fr\\\/evenement\\\/soiree-exclusive-avec-le-dr-david-schapiro\\\/#breadcrumb\"},\"inLanguage\":\"fr-FR\",\"potentialAction\":[{\"@type\":\"ReadAction\",\"target\":[\"https:\\\/\\\/www.ono-estetika.com\\\/fr\\\/evenement\\\/soiree-exclusive-avec-le-dr-david-schapiro\\\/\"]}]},{\"@type\":\"ImageObject\",\"inLanguage\":\"fr-FR\",\"@id\":\"https:\\\/\\\/www.ono-estetika.com\\\/fr\\\/evenement\\\/soiree-exclusive-avec-le-dr-david-schapiro\\\/#primaryimage\",\"url\":\"https:\\\/\\\/www.ono-estetika.com\\\/wp-content\\\/uploads\\\/2025\\\/08\\\/eyes-block-gradient-bw-1-e1754486386629.jpg\",\"contentUrl\":\"https:\\\/\\\/www.ono-estetika.com\\\/wp-content\\\/uploads\\\/2025\\\/08\\\/eyes-block-gradient-bw-1-e1754486386629.jpg\",\"width\":1534,\"height\":1077},{\"@type\":\"BreadcrumbList\",\"@id\":\"https:\\\/\\\/www.ono-estetika.com\\\/fr\\\/evenement\\\/soiree-exclusive-avec-le-dr-david-schapiro\\\/#breadcrumb\",\"itemListElement\":[{\"@type\":\"ListItem\",\"position\":1,\"name\":\"Accueil\",\"item\":\"https:\\\/\\\/www.ono-estetika.com\\\/fr\\\/\"},{\"@type\":\"ListItem\",\"position\":2,\"name\":\"Soir\u00e9e exclusive avec le Dr David Schapiro\"}]},{\"@type\":\"WebSite\",\"@id\":\"https:\\\/\\\/www.ono-estetika.com\\\/fr\\\/#website\",\"url\":\"https:\\\/\\\/www.ono-estetika.com\\\/fr\\\/\",\"name\":\"ono estetika\",\"description\":\"M\u00e9decine et chirurgie esth\u00e9tique\",\"publisher\":{\"@id\":\"https:\\\/\\\/www.ono-estetika.com\\\/fr\\\/#organization\"},\"potentialAction\":[{\"@type\":\"SearchAction\",\"target\":{\"@type\":\"EntryPoint\",\"urlTemplate\":\"https:\\\/\\\/www.ono-estetika.com\\\/fr\\\/?s={search_term_string}\"},\"query-input\":{\"@type\":\"PropertyValueSpecification\",\"valueRequired\":true,\"valueName\":\"search_term_string\"}}],\"inLanguage\":\"fr-FR\"},{\"@type\":\"Organization\",\"@id\":\"https:\\\/\\\/www.ono-estetika.com\\\/fr\\\/#organization\",\"name\":\"ono estetika\",\"url\":\"https:\\\/\\\/www.ono-estetika.com\\\/fr\\\/\",\"logo\":{\"@type\":\"ImageObject\",\"inLanguage\":\"fr-FR\",\"@id\":\"https:\\\/\\\/www.ono-estetika.com\\\/fr\\\/#\\\/schema\\\/logo\\\/image\\\/\",\"url\":\"https:\\\/\\\/www.ono-estetika.com\\\/wp-content\\\/uploads\\\/2023\\\/11\\\/Estetika-logo-marron.svg\",\"contentUrl\":\"https:\\\/\\\/www.ono-estetika.com\\\/wp-content\\\/uploads\\\/2023\\\/11\\\/Estetika-logo-marron.svg\",\"width\":1510.5,\"height\":474,\"caption\":\"ono estetika\"},\"image\":{\"@id\":\"https:\\\/\\\/www.ono-estetika.com\\\/fr\\\/#\\\/schema\\\/logo\\\/image\\\/\"},\"sameAs\":[\"https:\\\/\\\/www.facebook.com\\\/onoestetika\",\"https:\\\/\\\/www.instagram.com\\\/onoestetika\",\"https:\\\/\\\/www.tiktok.com\\\/@onoestetika\",\"https:\\\/\\\/www.linkedin.com\\\/company\\\/ono-estetika\\\/\"]}]}<\/script>\n<!-- \/ Yoast SEO Premium plugin. -->","yoast_head_json":{"title":"Soir\u00e9e exclusive avec le Dr David Schapiro - ono estetika - M\u00e9decine et chirurgie esth\u00e9tique","description":"Soir\u00e9e exclusive avec le Dr David Schapiro, sp\u00e9cialiste de l'esth\u00e9tique du regard, \u00e0 la clinique ono estetika de Gen\u00e8ve.","robots":{"index":"index","follow":"follow","max-snippet":"max-snippet:-1","max-image-preview":"max-image-preview:large","max-video-preview":"max-video-preview:-1"},"canonical":"https:\/\/www.ono-estetika.com\/fr\/evenement\/soiree-exclusive-avec-le-dr-david-schapiro\/","og_locale":"fr_FR","og_type":"article","og_title":"Soir\u00e9e exclusive avec le Dr David Schapiro","og_description":"Soir\u00e9e exclusive avec le Dr David Schapiro, sp\u00e9cialiste de l'esth\u00e9tique du regard, \u00e0 la clinique ono estetika de Gen\u00e8ve.","og_url":"https:\/\/www.ono-estetika.com\/fr\/evenement\/soiree-exclusive-avec-le-dr-david-schapiro\/","og_site_name":"ono estetika","article_publisher":"https:\/\/www.facebook.com\/onoestetika","article_modified_time":"2025-08-28T07:58:18+00:00","og_image":[{"width":1534,"height":1077,"url":"https:\/\/www.ono-estetika.com\/wp-content\/uploads\/2025\/08\/eyes-block-gradient-bw-1-e1754486386629.jpg","type":"image\/jpeg"}],"twitter_card":"summary_large_image","twitter_misc":{"Dur\u00e9e de lecture estim\u00e9e":"1 minute"},"schema":{"@context":"https:\/\/schema.org","@graph":[{"@type":"WebPage","@id":"https:\/\/www.ono-estetika.com\/fr\/evenement\/soiree-exclusive-avec-le-dr-david-schapiro\/","url":"https:\/\/www.ono-estetika.com\/fr\/evenement\/soiree-exclusive-avec-le-dr-david-schapiro\/","name":"Soir\u00e9e exclusive avec le Dr David Schapiro - ono estetika - M\u00e9decine et chirurgie esth\u00e9tique","isPartOf":{"@id":"https:\/\/www.ono-estetika.com\/fr\/#website"},"primaryImageOfPage":{"@id":"https:\/\/www.ono-estetika.com\/fr\/evenement\/soiree-exclusive-avec-le-dr-david-schapiro\/#primaryimage"},"image":{"@id":"https:\/\/www.ono-estetika.com\/fr\/evenement\/soiree-exclusive-avec-le-dr-david-schapiro\/#primaryimage"},"thumbnailUrl":"https:\/\/www.ono-estetika.com\/wp-content\/uploads\/2025\/08\/eyes-block-gradient-bw-1-e1754486386629.jpg","datePublished":"2025-08-06T13:29:46+00:00","dateModified":"2025-08-28T07:58:18+00:00","description":"Soir\u00e9e exclusive avec le Dr David Schapiro, sp\u00e9cialiste de l'esth\u00e9tique du regard, \u00e0 la clinique ono estetika de Gen\u00e8ve.","breadcrumb":{"@id":"https:\/\/www.ono-estetika.com\/fr\/evenement\/soiree-exclusive-avec-le-dr-david-schapiro\/#breadcrumb"},"inLanguage":"fr-FR","potentialAction":[{"@type":"ReadAction","target":["https:\/\/www.ono-estetika.com\/fr\/evenement\/soiree-exclusive-avec-le-dr-david-schapiro\/"]}]},{"@type":"ImageObject","inLanguage":"fr-FR","@id":"https:\/\/www.ono-estetika.com\/fr\/evenement\/soiree-exclusive-avec-le-dr-david-schapiro\/#primaryimage","url":"https:\/\/www.ono-estetika.com\/wp-content\/uploads\/2025\/08\/eyes-block-gradient-bw-1-e1754486386629.jpg","contentUrl":"https:\/\/www.ono-estetika.com\/wp-content\/uploads\/2025\/08\/eyes-block-gradient-bw-1-e1754486386629.jpg","width":1534,"height":1077},{"@type":"BreadcrumbList","@id":"https:\/\/www.ono-estetika.com\/fr\/evenement\/soiree-exclusive-avec-le-dr-david-schapiro\/#breadcrumb","itemListElement":[{"@type":"ListItem","position":1,"name":"Accueil","item":"https:\/\/www.ono-estetika.com\/fr\/"},{"@type":"ListItem","position":2,"name":"Soir\u00e9e exclusive avec le Dr David Schapiro"}]},{"@type":"WebSite","@id":"https:\/\/www.ono-estetika.com\/fr\/#website","url":"https:\/\/www.ono-estetika.com\/fr\/","name":"ono estetika","description":"M\u00e9decine et chirurgie esth\u00e9tique","publisher":{"@id":"https:\/\/www.ono-estetika.com\/fr\/#organization"},"potentialAction":[{"@type":"SearchAction","target":{"@type":"EntryPoint","urlTemplate":"https:\/\/www.ono-estetika.com\/fr\/?s={search_term_string}"},"query-input":{"@type":"PropertyValueSpecification","valueRequired":true,"valueName":"search_term_string"}}],"inLanguage":"fr-FR"},{"@type":"Organization","@id":"https:\/\/www.ono-estetika.com\/fr\/#organization","name":"ono estetika","url":"https:\/\/www.ono-estetika.com\/fr\/","logo":{"@type":"ImageObject","inLanguage":"fr-FR","@id":"https:\/\/www.ono-estetika.com\/fr\/#\/schema\/logo\/image\/","url":"https:\/\/www.ono-estetika.com\/wp-content\/uploads\/2023\/11\/Estetika-logo-marron.svg","contentUrl":"https:\/\/www.ono-estetika.com\/wp-content\/uploads\/2023\/11\/Estetika-logo-marron.svg","width":1510.5,"height":474,"caption":"ono estetika"},"image":{"@id":"https:\/\/www.ono-estetika.com\/fr\/#\/schema\/logo\/image\/"},"sameAs":["https:\/\/www.facebook.com\/onoestetika","https:\/\/www.instagram.com\/onoestetika","https:\/\/www.tiktok.com\/@onoestetika","https:\/\/www.linkedin.com\/company\/ono-estetika\/"]}]}},"_links":{"self":[{"href":"https:\/\/www.ono-estetika.com\/fr\/wp-json\/wp\/v2\/evenement\/11716","targetHints":{"allow":["GET"]}}],"collection":[{"href":"https:\/\/www.ono-estetika.com\/fr\/wp-json\/wp\/v2\/evenement"}],"about":[{"href":"https:\/\/www.ono-estetika.com\/fr\/wp-json\/wp\/v2\/types\/evenement"}],"wp:featuredmedia":[{"embeddable":true,"href":"https:\/\/www.ono-estetika.com\/fr\/wp-json\/wp\/v2\/media\/11719"}],"wp:attachment":[{"href":"https:\/\/www.ono-estetika.com\/fr\/wp-json\/wp\/v2\/media?parent=11716"}],"wp:term":[{"taxonomy":"event-region","embeddable":true,"href":"https:\/\/www.ono-estetika.com\/fr\/wp-json\/wp\/v2\/event-region?post=11716"}],"curies":[{"name":"wp","href":"https:\/\/api.w.org\/{rel}","templated":true}]}}