{"id":9232,"date":"2024-05-06T13:29:22","date_gmt":"2024-05-06T11:29:22","guid":{"rendered":"https:\/\/www.ono-estetika.com\/?post_type=evenement&#038;p=9232"},"modified":"2024-05-14T09:42:33","modified_gmt":"2024-05-14T07:42:33","slug":"einladung-zum-exklusiven-eroeffnungsapero-ono-estetika-clinic-bellevue","status":"publish","type":"evenement","link":"https:\/\/www.ono-estetika.com\/en\/event\/einladung-zum-exklusiven-eroeffnungsapero-ono-estetika-clinic-bellevue\/","title":{"rendered":"Einladung zum exklusiven Er\u00f6ffnungsap\u00e9ro ono estetika Clinic Bellevue"},"content":{"rendered":"<p><div class=\"fusion-fullwidth fullwidth-box fusion-builder-row-1 fusion-flex-container has-pattern-background has-mask-background hundred-percent-fullwidth non-hundred-percent-height-scrolling\" style=\"--awb-border-radius-top-left:0px;--awb-border-radius-top-right:0px;--awb-border-radius-bottom-right:0px;--awb-border-radius-bottom-left:0px;--awb-padding-top:7%;--awb-padding-right:14%;--awb-padding-bottom:0px;--awb-padding-left:14%;--awb-padding-top-medium:4%;--awb-padding-right-medium:4%;--awb-padding-left-medium:4%;--awb-padding-right-small:4%;--awb-padding-left-small:4%;--awb-flex-wrap:wrap;\" ><div class=\"fusion-builder-row fusion-row fusion-flex-align-items-flex-start fusion-flex-content-wrap\" style=\"width:104% !important;max-width:104% !important;margin-left: calc(-4% \/ 2 );margin-right: calc(-4% \/ 2 );\"><div class=\"fusion-layout-column fusion_builder_column fusion-builder-column-0 fusion_builder_column_2_3 2_3 fusion-flex-column\" style=\"--awb-bg-size:cover;--awb-width-large:66.666666666667%;--awb-margin-top-large:20px;--awb-spacing-right-large:2.88%;--awb-margin-bottom-large:20px;--awb-spacing-left-large:2.88%;--awb-width-medium:66.666666666667%;--awb-order-medium:0;--awb-spacing-right-medium:2.88%;--awb-spacing-left-medium:2.88%;--awb-width-small:100%;--awb-order-small:0;--awb-spacing-right-small:1.92%;--awb-spacing-left-small:1.92%;\"><div class=\"fusion-column-wrapper fusion-column-has-shadow fusion-flex-justify-content-flex-start fusion-content-layout-column\"><div class=\"fusion-text fusion-text-1\"><p>Wir freuen uns sehr, Sie zu unserem Opening Ap\u00e9ro am 13. Mai ab 17:30 Uhr einzuladen und gemeinsam mit Ihnen zu feiern, dass die ono estetika Klinik nun direkt im Herzen des<strong>\u00a0Bellevue in Z\u00fcrich oberhalb der Kronenhalle\u00a0<\/strong>er\u00f6ffnet hat!<\/p>\n<p>Nach unserem Umzug vom Bellerive an das Bellevue markiert diese aufregende Ver\u00e4nderung eine neue \u00c4ra, in der chirurgische \u00c4sthetik auf medizinische \u00c4sthetik trifft und Sie die M\u00f6glichkeit haben, sich selbst neu zu definieren.<\/p>\n<p>Die zentrale Lage im Bellevue erm\u00f6glicht es uns, noch besser erreichbar zu sein und unseren Patienten einen komfortablen und ansprechenden Ort f\u00fcr ihre \u00e4sthetischen Bed\u00fcrfnisse zu bieten. Daher laden wir Sie herzlich ein, die neuen R\u00e4umlichkeiten zu erkunden und sich von unserem engagierten Team beraten zu lassen.<\/p>\n<p>Sch\u00f6nheit gibt Selbstvertrauen, und wir sind fest davon \u00fcberzeugt, dass wir Ihnen dabei helfen k\u00f6nnen, das Beste aus sich herauszuholen. Daher freuen wir uns darauf, Sie bei der Er\u00f6ffnung unserer neuen Klinik willkommen zu heissen und Sie auf Ihrem Weg zu einem selbstbewussteren Ich zu unterst\u00fctzen.<\/p>\n<p>Wir w\u00fcrden uns sehr freuen, Sie bei diesem besonderen Ereignis begr\u00fcssen zu d\u00fcrfen und gemeinsam mit Ihnen einen aufregenden neuen Abschnitt einzuleiten.<\/p>\n<\/div><div class=\"fusion-sharing-box fusion-sharing-box-1 has-taglines layout-floated layout-medium-floated layout-small-stacked\" style=\"background-color:var(--awb-color4);border-color:#cccccc;--awb-separator-border-color:#cccccc;--awb-separator-border-sizes:0px;--awb-layout:row;--awb-alignment-small:space-between;--awb-stacked-align-small:center;\" data-title=\"Einladung zum exklusiven Er\u00f6ffnungsap\u00e9ro ono estetika Clinic Bellevue\" data-description=\"Wir freuen uns sehr, Sie zu unserem Opening Ap\u00e9ro am 13. Mai ab 17:30 Uhr einzuladen und gemeinsam mit Ihnen zu feiern, dass die ono estetika Klinik nun direkt im Herzen des\u00a0Bellevue in Z\u00fcrich oberhalb der Kronenhalle\u00a0er\u00f6ffnet hat!\r\nNach unserem Umzug vom Bellerive an das Bellevue markiert diese aufregende Ver\u00e4nderung eine neue \u00c4ra, in der chirurgische\" data-link=\"https:\/\/www.ono-estetika.com\/en\/event\/einladung-zum-exklusiven-eroeffnungsapero-ono-estetika-clinic-bellevue\/\"><h4 class=\"tagline\" style=\"color:var(--awb-color8);font-family:var(--awb-typography2-font-family);font-weight:var(--awb-typography2-font-weight);font-style:var(--awb-typography2-font-style);\">Die Veranstaltung teilen<\/h4><div class=\"fusion-social-networks sharingbox-shortcode-icon-wrapper sharingbox-shortcode-icon-wrapper-1\"><span><a href=\"https:\/\/www.facebook.com\/sharer.php?u=https%3A%2F%2Fwww.ono-estetika.com%2Fen%2Fevent%2Feinladung-zum-exklusiven-eroeffnungsapero-ono-estetika-clinic-bellevue%2F&amp;t=Einladung%20zum%20exklusiven%20Er%C3%B6ffnungsap%C3%A9ro%20ono%20estetika%20Clinic%20Bellevue\" target=\"_blank\" rel=\"noreferrer\" title=\"Facebook\" aria-label=\"Facebook\" data-placement=\"top\" data-toggle=\"tooltip\" data-title=\"Facebook\"><i class=\"fusion-social-network-icon fusion-tooltip fusion-facebook awb-icon-facebook\" style=\"color:var(--awb-color8);\" aria-hidden=\"true\"><\/i><\/a><\/span><span><a href=\"https:\/\/x.com\/intent\/post?text=Einladung%20zum%20exklusiven%20Er%C3%B6ffnungsap%C3%A9ro%20ono%20estetika%20Clinic%20Bellevue&amp;url=https%3A%2F%2Fwww.ono-estetika.com%2Fen%2Fevent%2Feinladung-zum-exklusiven-eroeffnungsapero-ono-estetika-clinic-bellevue%2F\" target=\"_blank\" rel=\"noopener noreferrer\" title=\"X\" aria-label=\"X\" data-placement=\"top\" data-toggle=\"tooltip\" data-title=\"X\"><i class=\"fusion-social-network-icon fusion-tooltip fusion-twitter awb-icon-twitter\" style=\"color:var(--awb-color8);\" aria-hidden=\"true\"><\/i><\/a><\/span><span><a href=\"https:\/\/reddit.com\/submit?url=https%3A%2F%2Fwww.ono-estetika.com%2Fen%2Fevent%2Feinladung-zum-exklusiven-eroeffnungsapero-ono-estetika-clinic-bellevue%2F&amp;title=Einladung%20zum%20exklusiven%20Er%C3%B6ffnungsap%C3%A9ro%20ono%20estetika%20Clinic%20Bellevue\" target=\"_blank\" rel=\"noopener noreferrer\" title=\"Reddit\" aria-label=\"Reddit\" data-placement=\"top\" data-toggle=\"tooltip\" data-title=\"Reddit\"><i class=\"fusion-social-network-icon fusion-tooltip fusion-reddit awb-icon-reddit\" style=\"color:var(--awb-color8);\" aria-hidden=\"true\"><\/i><\/a><\/span><span><a href=\"https:\/\/www.linkedin.com\/shareArticle?mini=true&amp;url=https%3A%2F%2Fwww.ono-estetika.com%2Fen%2Fevent%2Feinladung-zum-exklusiven-eroeffnungsapero-ono-estetika-clinic-bellevue%2F&amp;title=Einladung%20zum%20exklusiven%20Er%C3%B6ffnungsap%C3%A9ro%20ono%20estetika%20Clinic%20Bellevue&amp;summary=Wir%20freuen%20uns%20sehr%2C%20Sie%20zu%20unserem%20Opening%20Ap%C3%A9ro%20am%2013.%20Mai%20ab%2017%3A30%20Uhr%20einzuladen%20und%20gemeinsam%20mit%20Ihnen%20zu%20feiern%2C%20dass%20die%20ono%20estetika%20Klinik%20nun%20direkt%20im%20Herzen%20des%C2%A0Bellevue%20in%20Z%C3%BCrich%20oberhalb%20der%20Kronenhalle%C2%A0er%C3%B6ffnet%20hat%21%0D%0ANach%20unserem%20Umzug%20vom%20Bellerive%20an%20das%20Bellevue%20markiert%20diese%20aufregende%20Ver%C3%A4nderung%20eine%20neue%20%C3%84ra%2C%20in%20der%20chirurgische\" target=\"_blank\" rel=\"noopener noreferrer\" title=\"LinkedIn\" aria-label=\"LinkedIn\" data-placement=\"top\" data-toggle=\"tooltip\" data-title=\"LinkedIn\"><i class=\"fusion-social-network-icon fusion-tooltip fusion-linkedin awb-icon-linkedin\" style=\"color:var(--awb-color8);\" aria-hidden=\"true\"><\/i><\/a><\/span><span><a href=\"https:\/\/api.whatsapp.com\/send?text=https%3A%2F%2Fwww.ono-estetika.com%2Fen%2Fevent%2Feinladung-zum-exklusiven-eroeffnungsapero-ono-estetika-clinic-bellevue%2F\" target=\"_blank\" rel=\"noopener noreferrer\" title=\"WhatsApp\" aria-label=\"WhatsApp\" data-placement=\"top\" data-toggle=\"tooltip\" data-title=\"WhatsApp\"><i class=\"fusion-social-network-icon fusion-tooltip fusion-whatsapp awb-icon-whatsapp\" style=\"color:var(--awb-color8);\" aria-hidden=\"true\"><\/i><\/a><\/span><span><a href=\"https:\/\/www.tumblr.com\/share\/link?url=https%3A%2F%2Fwww.ono-estetika.com%2Fen%2Fevent%2Feinladung-zum-exklusiven-eroeffnungsapero-ono-estetika-clinic-bellevue%2F&amp;name=Einladung%20zum%20exklusiven%20Er%C3%B6ffnungsap%C3%A9ro%20ono%20estetika%20Clinic%20Bellevue&amp;description=Wir%20freuen%20uns%20sehr%2C%20Sie%20zu%20unserem%20Opening%20Ap%C3%A9ro%20am%2013.%20Mai%20ab%2017%3A30%20Uhr%20einzuladen%20und%20gemeinsam%20mit%20Ihnen%20zu%20feiern%2C%20dass%20die%20ono%20estetika%20Klinik%20nun%20direkt%20im%20Herzen%20des%C2%A0Bellevue%20in%20Z%C3%BCrich%20oberhalb%20der%20Kronenhalle%C2%A0er%C3%B6ffnet%20hat%21%0D%0ANach%20unserem%20Umzug%20vom%20Bellerive%20an%20das%20Bellevue%20markiert%20diese%20aufregende%20Ver%C3%A4nderung%20eine%20neue%20%C3%84ra%2C%20in%20der%20chirurgische\" target=\"_blank\" rel=\"noopener noreferrer\" title=\"Tumblr\" aria-label=\"Tumblr\" data-placement=\"top\" data-toggle=\"tooltip\" data-title=\"Tumblr\"><i class=\"fusion-social-network-icon fusion-tooltip fusion-tumblr awb-icon-tumblr\" style=\"color:var(--awb-color8);\" aria-hidden=\"true\"><\/i><\/a><\/span><span><a href=\"https:\/\/pinterest.com\/pin\/create\/button\/?url=https%3A%2F%2Fwww.ono-estetika.com%2Fen%2Fevent%2Feinladung-zum-exklusiven-eroeffnungsapero-ono-estetika-clinic-bellevue%2F&amp;description=Wir%20freuen%20uns%20sehr%2C%20Sie%20zu%20unserem%20Opening%20Ap%C3%A9ro%20am%2013.%20Mai%20ab%2017%3A30%20Uhr%20einzuladen%20und%20gemeinsam%20mit%20Ihnen%20zu%20feiern%2C%20dass%20die%20ono%20estetika%20Klinik%20nun%20direkt%20im%20Herzen%20des%C2%A0Bellevue%20in%20Z%C3%BCrich%20oberhalb%20der%20Kronenhalle%C2%A0er%C3%B6ffnet%20hat%21%0D%0ANach%20unserem%20Umzug%20vom%20Bellerive%20an%20das%20Bellevue%20markiert%20diese%20aufregende%20Ver%C3%A4nderung%20eine%20neue%20%C3%84ra%2C%20in%20der%20chirurgische&amp;media=\" target=\"_blank\" rel=\"noopener noreferrer\" title=\"Pinterest\" aria-label=\"Pinterest\" data-placement=\"top\" data-toggle=\"tooltip\" data-title=\"Pinterest\"><i class=\"fusion-social-network-icon fusion-tooltip fusion-pinterest awb-icon-pinterest\" style=\"color:var(--awb-color8);\" aria-hidden=\"true\"><\/i><\/a><\/span><span><a href=\"https:\/\/vkontakte.ru\/share.php?url=https%3A%2F%2Fwww.ono-estetika.com%2Fen%2Fevent%2Feinladung-zum-exklusiven-eroeffnungsapero-ono-estetika-clinic-bellevue%2F&amp;title=Einladung%20zum%20exklusiven%20Er%C3%B6ffnungsap%C3%A9ro%20ono%20estetika%20Clinic%20Bellevue&amp;description=Wir%20freuen%20uns%20sehr%2C%20Sie%20zu%20unserem%20Opening%20Ap%C3%A9ro%20am%2013.%20Mai%20ab%2017%3A30%20Uhr%20einzuladen%20und%20gemeinsam%20mit%20Ihnen%20zu%20feiern%2C%20dass%20die%20ono%20estetika%20Klinik%20nun%20direkt%20im%20Herzen%20des%C2%A0Bellevue%20in%20Z%C3%BCrich%20oberhalb%20der%20Kronenhalle%C2%A0er%C3%B6ffnet%20hat%21%0D%0ANach%20unserem%20Umzug%20vom%20Bellerive%20an%20das%20Bellevue%20markiert%20diese%20aufregende%20Ver%C3%A4nderung%20eine%20neue%20%C3%84ra%2C%20in%20der%20chirurgische\" target=\"_blank\" rel=\"noopener noreferrer\" title=\"Vk\" aria-label=\"Vk\" data-placement=\"top\" data-toggle=\"tooltip\" data-title=\"Vk\"><i class=\"fusion-social-network-icon fusion-tooltip fusion-vk awb-icon-vk\" style=\"color:var(--awb-color8);\" aria-hidden=\"true\"><\/i><\/a><\/span><span><a href=\"https:\/\/www.xing.com\/social_plugins\/share\/new?sc_p=xing-share&amp;h=1&amp;url=https%3A%2F%2Fwww.ono-estetika.com%2Fen%2Fevent%2Feinladung-zum-exklusiven-eroeffnungsapero-ono-estetika-clinic-bellevue%2F\" target=\"_blank\" rel=\"noopener noreferrer\" title=\"Xing\" aria-label=\"Xing\" data-placement=\"top\" data-toggle=\"tooltip\" data-title=\"Xing\"><i class=\"fusion-social-network-icon fusion-tooltip fusion-xing awb-icon-xing\" style=\"color:var(--awb-color8);\" aria-hidden=\"true\"><\/i><\/a><\/span><span><a href=\"mailto:?subject=Einladung%20zum%20exklusiven%20Er%C3%B6ffnungsap%C3%A9ro%20ono%20estetika%20Clinic%20Bellevue&amp;body=https%3A%2F%2Fwww.ono-estetika.com%2Fen%2Fevent%2Feinladung-zum-exklusiven-eroeffnungsapero-ono-estetika-clinic-bellevue%2F\" target=\"_self\" title=\"Email\" aria-label=\"Email\" data-placement=\"top\" data-toggle=\"tooltip\" data-title=\"Email\"><i class=\"fusion-social-network-icon fusion-tooltip fusion-mail awb-icon-mail\" style=\"color:var(--awb-color8);\" aria-hidden=\"true\"><\/i><\/a><\/span><\/div><\/div><\/div><\/div><div class=\"fusion-layout-column fusion_builder_column fusion-builder-column-1 fusion_builder_column_1_3 1_3 fusion-flex-column fusion-flex-align-self-center\" style=\"--awb-padding-top:5%;--awb-padding-right:5%;--awb-padding-bottom:5%;--awb-padding-left:5%;--awb-bg-color:rgba(234,203,187,0.1);--awb-bg-color-hover:rgba(234,203,187,0.1);--awb-bg-size:cover;--awb-width-large:33.333333333333%;--awb-margin-top-large:20px;--awb-spacing-right-large:5.76%;--awb-margin-bottom-large:20px;--awb-spacing-left-large:5.76%;--awb-width-medium:33.333333333333%;--awb-order-medium:0;--awb-spacing-right-medium:0%;--awb-spacing-left-medium:0%;--awb-width-small:100%;--awb-order-small:0;--awb-spacing-right-small:1.92%;--awb-spacing-left-small:1.92%;\"><div class=\"fusion-column-wrapper fusion-column-has-shadow fusion-flex-justify-content-flex-start fusion-content-layout-column\"><div class=\"fusion-title title fusion-title-1 fusion-title-text fusion-title-size-three\" style=\"--awb-font-size:var(--awb-typography2-font-size);\"><div class=\"title-sep-container title-sep-container-left fusion-no-large-visibility fusion-no-small-visibility\"><div class=\"title-sep sep- sep-solid\" style=\"border-color:var(--awb-color3);\"><\/div><\/div><span class=\"awb-title-spacer fusion-no-large-visibility fusion-no-small-visibility\"><\/span><h3 class=\"fusion-title-heading title-heading-left md-text-align-center fusion-responsive-typography-calculated\" style=\"font-family:var(--awb-typography2-font-family);font-weight:var(--awb-typography2-font-weight);font-style:var(--awb-typography2-font-style);margin:0;font-size:1em;letter-spacing:var(--awb-typography2-letter-spacing);text-transform:var(--awb-typography2-text-transform);--fontSize:22.5;line-height:var(--awb-typography2-line-height);\">Details zur Veranstaltung<\/h3><span class=\"awb-title-spacer\"><\/span><div class=\"title-sep-container title-sep-container-right\"><div class=\"title-sep sep- sep-solid\" style=\"border-color:var(--awb-color3);\"><\/div><\/div><\/div><ul style=\"--awb-divider-color:var(--awb-color4);--awb-line-height:27.2px;--awb-icon-width:27.2px;--awb-icon-height:27.2px;--awb-icon-margin:11.2px;--awb-content-margin:38.4px;\" class=\"fusion-checklist fusion-checklist-1 fusion-checklist-default fusion-checklist-divider type-icons\"><li class=\"fusion-li-item\" style=\"\"><span class=\"icon-wrapper circle-no\"><i class=\"fusion-li-icon fa-calendar-alt fas\" aria-hidden=\"true\"><\/i><\/span><div class=\"fusion-li-item-content\">13\/05\/2024<\/div><\/li><li class=\"fusion-li-item\" style=\"\"><span class=\"icon-wrapper circle-no\"><i class=\"fusion-li-icon fa-clock fas\" aria-hidden=\"true\"><\/i><\/span><div class=\"fusion-li-item-content\">Beginn: 17:30<\/div><\/li><li class=\"fusion-li-item\" style=\"\"><span class=\"icon-wrapper circle-no\"><i class=\"fusion-li-icon fa-clock fas\" aria-hidden=\"true\"><\/i><\/span><div class=\"fusion-li-item-content\">Ende: 22:00<\/div><\/li><\/ul><div ><a class=\"fusion-button button-flat fusion-button-default-size button-custom fusion-button-default button-1 fusion-button-span-no fusion-button-default-type fusion-has-button-gradient\" style=\"--button_accent_color:var(--awb-color6);--button_accent_hover_color:var(--awb-color4);--button_border_hover_color:var(--awb-color4);--button_gradient_top_color:rgba(255,255,255,0);--button_gradient_bottom_color:rgba(255,255,255,0);--button_gradient_top_color_hover:rgba(255,182,115,0);--button_gradient_bottom_color_hover:rgba(255,255,255,0);--button_text_transform:var(--awb-typography4-text-transform);--button_font_size:var(--awb-typography4-font-size);--button_line_height:var(--awb-typography4-line-height);--button_padding-left:10px;--button_typography-letter-spacing:var(--awb-typography4-letter-spacing);--button_typography-font-family:var(--awb-typography4-font-family);--button_typography-font-weight:var(--awb-typography4-font-weight);--button_typography-font-style:var(--awb-typography4-font-style);\" target=\"_self\" title=\"ono estetika Clinic Bellevue Z\u00fcrich\" aria-label=\"ono estetika Clinic Bellevue Z\u00fcrich\" href=\"https:\/\/www.ono-estetika.com\/kliniken\/bellevue\/\"><i class=\"fa-map-marker-alt fas button-icon-left\" aria-hidden=\"true\"><\/i><span class=\"fusion-button-text\">ono estetika Clinic Bellevue Z\u00fcrich<\/span><\/a><\/div><div style=\"--awb-popup-background-color:rgba(234,203,187,0.49);--awb-popup-close-btn-color:var(--awb-color6);--awb-popup-title-font-size:var(--awb-typography4-font-size);--awb-popup-title-line-height:var(--awb-typography4-line-height);--awb-popup-title-letter-spacing:var(--awb-typography4-letter-spacing);--awb-popup-title-text-transform:var(--awb-typography4-text-transform);--awb-popup-content-font-size:var(--awb-typography4-font-size);--awb-popup-content-line-height:var(--awb-typography4-line-height);--awb-popup-content-letter-spacing:var(--awb-typography4-letter-spacing);--awb-popup-content-text-transform:var(--awb-typography4-text-transform);--awb-popup-title-font-family:&quot;Lato&quot;;--awb-popup-title-font-style:normal;--awb-popup-title-font-weight:700;--awb-popup-content-font-family:var(--awb-typography4-font-family);--awb-popup-content-font-weight:var(--awb-typography4-font-weight);--awb-popup-content-font-style:var(--awb-typography4-font-style);\" class=\"awb-openstreet-map awb-openstreet-map-1\" data-map-style=\"carto-db\" data-map-type=\"marker\" data-zoom=\"14\" data-zoomsnap=\"1\" data-zoomcontrol=\"1\" data-scrollwheelzoom=\"1\" data-dragging=\"1\" data-touchzoom=\"1\" data-dbclickzoom=\"1\" data-fitbounds=\"1\" data-shape-color=\"rgba(255,182,115,1)\" data-shape-weight=\"3\"><div class=\"awb-openstreet-map-marker awb-openstreet-map-marker-1\" data-latitude=\"47.3675511\" data-longitude=\"8.5457188\" data-icon=\"fa-map-marker-alt fas\" data-action=\"popup\"><div class=\"awb-openstreet-map-marker-icon-wrapper\" style=\"--awb-size:34px;--awb-color:var(--awb-color6);--awb-background-color:rgba(234,203,187,0);--awb-hover-color:var(--awb-color3);--awb-hover-background-color:rgba(255,255,255,0);\"><i class=\"fa-map-marker-alt fas\"><\/i><\/div><div class=\"awb-openstreet-map-content-wrapper\"><h5 class=\"awb-openstreet-map-marker-title\">ono estetika Clinic Bellevue Z\u00fcrich<\/h5><div class=\"awb-openstreet-map-marker-content\">Einladung zum exklusiven Er\u00f6ffnungsap\u00e9ro ono estetika Clinic Bellevue<\/div><\/div><\/div><\/div><\/div><\/div><\/div><\/div><\/p>\n","protected":false},"featured_media":9160,"template":"","event-region":[],"class_list":["post-9232","evenement","type-evenement","status-publish","has-post-thumbnail","hentry"],"acf":[],"yoast_head":"<!-- This site is optimized with the Yoast SEO Premium plugin v24.5 (Yoast SEO v27.5) - https:\/\/yoast.com\/product\/yoast-seo-premium-wordpress\/ -->\n<title>Einladung zum exklusiven Er\u00f6ffnungsap\u00e9ro ono estetika Clinic Bellevue - Aesthetic medicine and surgery<\/title>\n<meta name=\"robots\" content=\"index, follow, max-snippet:-1, max-image-preview:large, max-video-preview:-1\" \/>\n<link rel=\"canonical\" href=\"https:\/\/www.ono-estetika.com\/en\/event\/einladung-zum-exklusiven-eroeffnungsapero-ono-estetika-clinic-bellevue\/\" \/>\n<meta property=\"og:locale\" content=\"en_US\" \/>\n<meta property=\"og:type\" content=\"article\" \/>\n<meta property=\"og:title\" content=\"Einladung zum exklusiven Er\u00f6ffnungsap\u00e9ro ono estetika Clinic Bellevue\" \/>\n<meta property=\"og:url\" content=\"https:\/\/www.ono-estetika.com\/en\/event\/einladung-zum-exklusiven-eroeffnungsapero-ono-estetika-clinic-bellevue\/\" \/>\n<meta property=\"og:site_name\" content=\"ono estetika\" \/>\n<meta property=\"article:publisher\" content=\"https:\/\/www.facebook.com\/onoestetika\" \/>\n<meta property=\"article:modified_time\" content=\"2024-05-14T07:42:33+00:00\" \/>\n<meta property=\"og:image\" content=\"https:\/\/www.ono-estetika.com\/wp-content\/uploads\/2023\/11\/ono-estetika-Clinic-Bellevue-3.jpg\" \/>\n\t<meta property=\"og:image:width\" content=\"2048\" \/>\n\t<meta property=\"og:image:height\" content=\"1365\" \/>\n\t<meta property=\"og:image:type\" content=\"image\/jpeg\" \/>\n<meta name=\"twitter:card\" content=\"summary_large_image\" \/>\n<meta name=\"twitter:label1\" content=\"Est. reading time\" \/>\n\t<meta name=\"twitter:data1\" content=\"2 minutes\" \/>\n<script type=\"application\/ld+json\" class=\"yoast-schema-graph\">{\"@context\":\"https:\\\/\\\/schema.org\",\"@graph\":[{\"@type\":\"WebPage\",\"@id\":\"https:\\\/\\\/www.ono-estetika.com\\\/en\\\/event\\\/einladung-zum-exklusiven-eroeffnungsapero-ono-estetika-clinic-bellevue\\\/\",\"url\":\"https:\\\/\\\/www.ono-estetika.com\\\/en\\\/event\\\/einladung-zum-exklusiven-eroeffnungsapero-ono-estetika-clinic-bellevue\\\/\",\"name\":\"Einladung zum exklusiven Er\u00f6ffnungsap\u00e9ro ono estetika Clinic Bellevue - Aesthetic medicine and surgery\",\"isPartOf\":{\"@id\":\"https:\\\/\\\/www.ono-estetika.com\\\/en\\\/#website\"},\"primaryImageOfPage\":{\"@id\":\"https:\\\/\\\/www.ono-estetika.com\\\/en\\\/event\\\/einladung-zum-exklusiven-eroeffnungsapero-ono-estetika-clinic-bellevue\\\/#primaryimage\"},\"image\":{\"@id\":\"https:\\\/\\\/www.ono-estetika.com\\\/en\\\/event\\\/einladung-zum-exklusiven-eroeffnungsapero-ono-estetika-clinic-bellevue\\\/#primaryimage\"},\"thumbnailUrl\":\"https:\\\/\\\/www.ono-estetika.com\\\/wp-content\\\/uploads\\\/2023\\\/11\\\/ono-estetika-Clinic-Bellevue-3.jpg\",\"datePublished\":\"2024-05-06T11:29:22+00:00\",\"dateModified\":\"2024-05-14T07:42:33+00:00\",\"breadcrumb\":{\"@id\":\"https:\\\/\\\/www.ono-estetika.com\\\/en\\\/event\\\/einladung-zum-exklusiven-eroeffnungsapero-ono-estetika-clinic-bellevue\\\/#breadcrumb\"},\"inLanguage\":\"en-US\",\"potentialAction\":[{\"@type\":\"ReadAction\",\"target\":[\"https:\\\/\\\/www.ono-estetika.com\\\/en\\\/event\\\/einladung-zum-exklusiven-eroeffnungsapero-ono-estetika-clinic-bellevue\\\/\"]}]},{\"@type\":\"ImageObject\",\"inLanguage\":\"en-US\",\"@id\":\"https:\\\/\\\/www.ono-estetika.com\\\/en\\\/event\\\/einladung-zum-exklusiven-eroeffnungsapero-ono-estetika-clinic-bellevue\\\/#primaryimage\",\"url\":\"https:\\\/\\\/www.ono-estetika.com\\\/wp-content\\\/uploads\\\/2023\\\/11\\\/ono-estetika-Clinic-Bellevue-3.jpg\",\"contentUrl\":\"https:\\\/\\\/www.ono-estetika.com\\\/wp-content\\\/uploads\\\/2023\\\/11\\\/ono-estetika-Clinic-Bellevue-3.jpg\",\"width\":2048,\"height\":1365,\"caption\":\"ono-estika-clinic-3\"},{\"@type\":\"BreadcrumbList\",\"@id\":\"https:\\\/\\\/www.ono-estetika.com\\\/en\\\/event\\\/einladung-zum-exklusiven-eroeffnungsapero-ono-estetika-clinic-bellevue\\\/#breadcrumb\",\"itemListElement\":[{\"@type\":\"ListItem\",\"position\":1,\"name\":\"Accueil\",\"item\":\"https:\\\/\\\/www.ono-estetika.com\\\/en\\\/\"},{\"@type\":\"ListItem\",\"position\":2,\"name\":\"Einladung zum exklusiven Er\u00f6ffnungsap\u00e9ro ono estetika Clinic Bellevue\"}]},{\"@type\":\"WebSite\",\"@id\":\"https:\\\/\\\/www.ono-estetika.com\\\/en\\\/#website\",\"url\":\"https:\\\/\\\/www.ono-estetika.com\\\/en\\\/\",\"name\":\"ono estetika\",\"description\":\"Aesthetic medicine and surgery\",\"publisher\":{\"@id\":\"https:\\\/\\\/www.ono-estetika.com\\\/en\\\/#organization\"},\"potentialAction\":[{\"@type\":\"SearchAction\",\"target\":{\"@type\":\"EntryPoint\",\"urlTemplate\":\"https:\\\/\\\/www.ono-estetika.com\\\/en\\\/?s={search_term_string}\"},\"query-input\":{\"@type\":\"PropertyValueSpecification\",\"valueRequired\":true,\"valueName\":\"search_term_string\"}}],\"inLanguage\":\"en-US\"},{\"@type\":\"Organization\",\"@id\":\"https:\\\/\\\/www.ono-estetika.com\\\/en\\\/#organization\",\"name\":\"ono estetika\",\"url\":\"https:\\\/\\\/www.ono-estetika.com\\\/en\\\/\",\"logo\":{\"@type\":\"ImageObject\",\"inLanguage\":\"en-US\",\"@id\":\"https:\\\/\\\/www.ono-estetika.com\\\/en\\\/#\\\/schema\\\/logo\\\/image\\\/\",\"url\":\"https:\\\/\\\/www.ono-estetika.com\\\/wp-content\\\/uploads\\\/2023\\\/11\\\/Estetika-logo-marron.svg\",\"contentUrl\":\"https:\\\/\\\/www.ono-estetika.com\\\/wp-content\\\/uploads\\\/2023\\\/11\\\/Estetika-logo-marron.svg\",\"width\":1510.5,\"height\":474,\"caption\":\"ono estetika\"},\"image\":{\"@id\":\"https:\\\/\\\/www.ono-estetika.com\\\/en\\\/#\\\/schema\\\/logo\\\/image\\\/\"},\"sameAs\":[\"https:\\\/\\\/www.facebook.com\\\/onoestetika\",\"https:\\\/\\\/www.instagram.com\\\/onoestetika\",\"https:\\\/\\\/www.tiktok.com\\\/@onoestetika\",\"https:\\\/\\\/www.linkedin.com\\\/company\\\/ono-estetika\\\/\"]}]}<\/script>\n<!-- \/ Yoast SEO Premium plugin. -->","yoast_head_json":{"title":"Einladung zum exklusiven Er\u00f6ffnungsap\u00e9ro ono estetika Clinic Bellevue - Aesthetic medicine and surgery","robots":{"index":"index","follow":"follow","max-snippet":"max-snippet:-1","max-image-preview":"max-image-preview:large","max-video-preview":"max-video-preview:-1"},"canonical":"https:\/\/www.ono-estetika.com\/en\/event\/einladung-zum-exklusiven-eroeffnungsapero-ono-estetika-clinic-bellevue\/","og_locale":"en_US","og_type":"article","og_title":"Einladung zum exklusiven Er\u00f6ffnungsap\u00e9ro ono estetika Clinic Bellevue","og_url":"https:\/\/www.ono-estetika.com\/en\/event\/einladung-zum-exklusiven-eroeffnungsapero-ono-estetika-clinic-bellevue\/","og_site_name":"ono estetika","article_publisher":"https:\/\/www.facebook.com\/onoestetika","article_modified_time":"2024-05-14T07:42:33+00:00","og_image":[{"width":2048,"height":1365,"url":"https:\/\/www.ono-estetika.com\/wp-content\/uploads\/2023\/11\/ono-estetika-Clinic-Bellevue-3.jpg","type":"image\/jpeg"}],"twitter_card":"summary_large_image","twitter_misc":{"Est. reading time":"2 minutes"},"schema":{"@context":"https:\/\/schema.org","@graph":[{"@type":"WebPage","@id":"https:\/\/www.ono-estetika.com\/en\/event\/einladung-zum-exklusiven-eroeffnungsapero-ono-estetika-clinic-bellevue\/","url":"https:\/\/www.ono-estetika.com\/en\/event\/einladung-zum-exklusiven-eroeffnungsapero-ono-estetika-clinic-bellevue\/","name":"Einladung zum exklusiven Er\u00f6ffnungsap\u00e9ro ono estetika Clinic Bellevue - Aesthetic medicine and surgery","isPartOf":{"@id":"https:\/\/www.ono-estetika.com\/en\/#website"},"primaryImageOfPage":{"@id":"https:\/\/www.ono-estetika.com\/en\/event\/einladung-zum-exklusiven-eroeffnungsapero-ono-estetika-clinic-bellevue\/#primaryimage"},"image":{"@id":"https:\/\/www.ono-estetika.com\/en\/event\/einladung-zum-exklusiven-eroeffnungsapero-ono-estetika-clinic-bellevue\/#primaryimage"},"thumbnailUrl":"https:\/\/www.ono-estetika.com\/wp-content\/uploads\/2023\/11\/ono-estetika-Clinic-Bellevue-3.jpg","datePublished":"2024-05-06T11:29:22+00:00","dateModified":"2024-05-14T07:42:33+00:00","breadcrumb":{"@id":"https:\/\/www.ono-estetika.com\/en\/event\/einladung-zum-exklusiven-eroeffnungsapero-ono-estetika-clinic-bellevue\/#breadcrumb"},"inLanguage":"en-US","potentialAction":[{"@type":"ReadAction","target":["https:\/\/www.ono-estetika.com\/en\/event\/einladung-zum-exklusiven-eroeffnungsapero-ono-estetika-clinic-bellevue\/"]}]},{"@type":"ImageObject","inLanguage":"en-US","@id":"https:\/\/www.ono-estetika.com\/en\/event\/einladung-zum-exklusiven-eroeffnungsapero-ono-estetika-clinic-bellevue\/#primaryimage","url":"https:\/\/www.ono-estetika.com\/wp-content\/uploads\/2023\/11\/ono-estetika-Clinic-Bellevue-3.jpg","contentUrl":"https:\/\/www.ono-estetika.com\/wp-content\/uploads\/2023\/11\/ono-estetika-Clinic-Bellevue-3.jpg","width":2048,"height":1365,"caption":"ono-estika-clinic-3"},{"@type":"BreadcrumbList","@id":"https:\/\/www.ono-estetika.com\/en\/event\/einladung-zum-exklusiven-eroeffnungsapero-ono-estetika-clinic-bellevue\/#breadcrumb","itemListElement":[{"@type":"ListItem","position":1,"name":"Accueil","item":"https:\/\/www.ono-estetika.com\/en\/"},{"@type":"ListItem","position":2,"name":"Einladung zum exklusiven Er\u00f6ffnungsap\u00e9ro ono estetika Clinic Bellevue"}]},{"@type":"WebSite","@id":"https:\/\/www.ono-estetika.com\/en\/#website","url":"https:\/\/www.ono-estetika.com\/en\/","name":"ono estetika","description":"Aesthetic medicine and surgery","publisher":{"@id":"https:\/\/www.ono-estetika.com\/en\/#organization"},"potentialAction":[{"@type":"SearchAction","target":{"@type":"EntryPoint","urlTemplate":"https:\/\/www.ono-estetika.com\/en\/?s={search_term_string}"},"query-input":{"@type":"PropertyValueSpecification","valueRequired":true,"valueName":"search_term_string"}}],"inLanguage":"en-US"},{"@type":"Organization","@id":"https:\/\/www.ono-estetika.com\/en\/#organization","name":"ono estetika","url":"https:\/\/www.ono-estetika.com\/en\/","logo":{"@type":"ImageObject","inLanguage":"en-US","@id":"https:\/\/www.ono-estetika.com\/en\/#\/schema\/logo\/image\/","url":"https:\/\/www.ono-estetika.com\/wp-content\/uploads\/2023\/11\/Estetika-logo-marron.svg","contentUrl":"https:\/\/www.ono-estetika.com\/wp-content\/uploads\/2023\/11\/Estetika-logo-marron.svg","width":1510.5,"height":474,"caption":"ono estetika"},"image":{"@id":"https:\/\/www.ono-estetika.com\/en\/#\/schema\/logo\/image\/"},"sameAs":["https:\/\/www.facebook.com\/onoestetika","https:\/\/www.instagram.com\/onoestetika","https:\/\/www.tiktok.com\/@onoestetika","https:\/\/www.linkedin.com\/company\/ono-estetika\/"]}]}},"_links":{"self":[{"href":"https:\/\/www.ono-estetika.com\/en\/wp-json\/wp\/v2\/evenement\/9232","targetHints":{"allow":["GET"]}}],"collection":[{"href":"https:\/\/www.ono-estetika.com\/en\/wp-json\/wp\/v2\/evenement"}],"about":[{"href":"https:\/\/www.ono-estetika.com\/en\/wp-json\/wp\/v2\/types\/evenement"}],"wp:featuredmedia":[{"embeddable":true,"href":"https:\/\/www.ono-estetika.com\/en\/wp-json\/wp\/v2\/media\/9160"}],"wp:attachment":[{"href":"https:\/\/www.ono-estetika.com\/en\/wp-json\/wp\/v2\/media?parent=9232"}],"wp:term":[{"taxonomy":"event-region","embeddable":true,"href":"https:\/\/www.ono-estetika.com\/en\/wp-json\/wp\/v2\/event-region?post=9232"}],"curies":[{"name":"wp","href":"https:\/\/api.w.org\/{rel}","templated":true}]}}